{"id":23021,"date":"2023-07-28T14:34:49","date_gmt":"2023-07-28T17:34:49","guid":{"rendered":"https:\/\/probelle.com.br\/produto\/mascara-250g-2\/"},"modified":"2025-02-13T09:58:30","modified_gmt":"2025-02-13T12:58:30","slug":"mascara-250g-force-ultra","status":"publish","type":"product","link":"https:\/\/probelle.com.br\/en\/produto\/mascara-250g-force-ultra\/","title":{"rendered":"M\u00e1scara 250g Force ultra"},"content":{"rendered":"<p>A M\u00e1scara 250g Force Ultra \u00e9 especialmente formulada com ingredientes que ajudam a reparar os danos causados por agentes externos, como polui\u00e7\u00e3o, sol e calor. A m\u00e1scara tamb\u00e9m ajuda a controlar o volume dos cabelos extremamente secos e sensibilizados.<\/p>\n<p>O resultado \u00e9 um cabelo mais forte, saud\u00e1vel e com brilho intenso.<\/p>\n<p>Aqui est\u00e3o alguns dos benef\u00edcios da M\u00e1scara 250g Force Ultra:<\/p>\n<ul>\n<li style=\"list-style-type: none;\">\n<ul>\n<li>Fortalece os fios<\/li>\n<li>Protege os fios dos danos causados por agentes externos<\/li>\n<li>Promove brilho, movimento natural e sensorial sedoso<\/li>\n<li>Controla o volume dos cabelos extremamente secos e sensibilizados<\/li>\n<\/ul>\n<\/li>\n<\/ul>\n<p>Se voc\u00ea est\u00e1 procurando um produto que possa ajudar voc\u00ea a cuidar dos seus cabelos, a M\u00e1scara 250g Force Ultra \u00e9 uma \u00f3tima op\u00e7\u00e3o.<\/p>\n","protected":false},"excerpt":{"rendered":"<p>A M\u00e1scara 250g Force Ultra \u00e9 um produto de alta qualidade que vai ajudar voc\u00ea a fortalecer os fios, proteg\u00ea-los dos danos causados por agentes externos e promover brilho, movimento natural e sensorial sedoso.<\/p>\n","protected":false},"featured_media":25201,"template":"","meta":{"_joinchat":[]},"product_brand":[],"product_cat":[214],"product_tag":[594],"class_list":{"0":"post-23021","1":"product","2":"type-product","3":"status-publish","4":"has-post-thumbnail","6":"product_cat-home-care","7":"product_tag-produtos-probelle","9":"first","10":"outofstock","11":"shipping-taxable","12":"purchasable","13":"product-type-simple"},"yoast_head":"<!-- This site is optimized with the Yoast SEO Premium plugin v23.5 (Yoast SEO v26.5) - https:\/\/yoast.com\/wordpress\/plugins\/seo\/ -->\n<title>M\u00e1scara 250g Force ultra ~ Probelle Cosm\u00e9ticos<\/title>\n<meta name=\"description\" content=\"M\u00e1scara 250g Force Ultra, produto para cabelos, fortalecimento dos fios, prote\u00e7\u00e3o contra danos externos, brilho, movimento natural, sensorial sedoso, controle do volume, cabelos extremamente secos e sensibilizados.\" \/>\n<meta name=\"robots\" content=\"index, follow, max-snippet:-1, max-image-preview:large, max-video-preview:-1\" \/>\n<link rel=\"canonical\" href=\"https:\/\/probelle.com.br\/en\/produto\/mascara-250g-force-ultra\/\" \/>\n<meta property=\"og:locale\" content=\"en_US\" \/>\n<meta property=\"og:type\" content=\"article\" \/>\n<meta property=\"og:title\" content=\"M\u00e1scara 250g Force ultra\" \/>\n<meta property=\"og:description\" content=\"M\u00e1scara 250g Force Ultra, produto para cabelos, fortalecimento dos fios, prote\u00e7\u00e3o contra danos externos, brilho, movimento natural, sensorial sedoso, controle do volume, cabelos extremamente secos e sensibilizados.\" \/>\n<meta property=\"og:url\" content=\"https:\/\/probelle.com.br\/en\/produto\/mascara-250g-force-ultra\/\" \/>\n<meta property=\"og:site_name\" content=\"Probelle Cosm\u00e9ticos\" \/>\n<meta property=\"article:publisher\" content=\"https:\/\/www.facebook.com\/probelle\/\" \/>\n<meta property=\"article:modified_time\" content=\"2025-02-13T12:58:30+00:00\" \/>\n<meta property=\"og:image\" content=\"https:\/\/probelle.com.br\/wp-content\/uploads\/2023\/07\/Mascara-Force-Ultra.jpg\" \/>\n\t<meta property=\"og:image:width\" content=\"800\" \/>\n\t<meta property=\"og:image:height\" content=\"800\" \/>\n\t<meta property=\"og:image:type\" content=\"image\/jpeg\" \/>\n<meta name=\"twitter:card\" content=\"summary_large_image\" \/>\n<meta name=\"twitter:label1\" content=\"Est. reading time\" \/>\n\t<meta name=\"twitter:data1\" content=\"1 minute\" \/>\n<script type=\"application\/ld+json\" class=\"yoast-schema-graph\">{\"@context\":\"https:\/\/schema.org\",\"@graph\":[{\"@type\":\"WebPage\",\"@id\":\"https:\/\/probelle.com.br\/en\/produto\/mascara-250g-force-ultra\/\",\"url\":\"https:\/\/probelle.com.br\/en\/produto\/mascara-250g-force-ultra\/\",\"name\":\"M\u00e1scara 250g Force ultra ~ Probelle Cosm\u00e9ticos\",\"isPartOf\":{\"@id\":\"https:\/\/probelle.com.br\/en\/#website\"},\"primaryImageOfPage\":{\"@id\":\"https:\/\/probelle.com.br\/en\/produto\/mascara-250g-force-ultra\/#primaryimage\"},\"image\":{\"@id\":\"https:\/\/probelle.com.br\/en\/produto\/mascara-250g-force-ultra\/#primaryimage\"},\"thumbnailUrl\":\"https:\/\/probelle.com.br\/wp-content\/uploads\/2023\/07\/Mascara-Force-Ultra.jpg\",\"datePublished\":\"2023-07-28T17:34:49+00:00\",\"dateModified\":\"2025-02-13T12:58:30+00:00\",\"description\":\"M\u00e1scara 250g Force Ultra, produto para cabelos, fortalecimento dos fios, prote\u00e7\u00e3o contra danos externos, brilho, movimento natural, sensorial sedoso, controle do volume, cabelos extremamente secos e sensibilizados.\",\"breadcrumb\":{\"@id\":\"https:\/\/probelle.com.br\/en\/produto\/mascara-250g-force-ultra\/#breadcrumb\"},\"inLanguage\":\"en-US\",\"potentialAction\":[{\"@type\":\"ReadAction\",\"target\":[\"https:\/\/probelle.com.br\/en\/produto\/mascara-250g-force-ultra\/\"]}]},{\"@type\":\"ImageObject\",\"inLanguage\":\"en-US\",\"@id\":\"https:\/\/probelle.com.br\/en\/produto\/mascara-250g-force-ultra\/#primaryimage\",\"url\":\"https:\/\/probelle.com.br\/wp-content\/uploads\/2023\/07\/Mascara-Force-Ultra.jpg\",\"contentUrl\":\"https:\/\/probelle.com.br\/wp-content\/uploads\/2023\/07\/Mascara-Force-Ultra.jpg\",\"width\":800,\"height\":800},{\"@type\":\"BreadcrumbList\",\"@id\":\"https:\/\/probelle.com.br\/en\/produto\/mascara-250g-force-ultra\/#breadcrumb\",\"itemListElement\":[{\"@type\":\"ListItem\",\"position\":1,\"name\":\"Home\",\"item\":\"https:\/\/probelle.com.br\/en\/\"},{\"@type\":\"ListItem\",\"position\":2,\"name\":\"Loja\",\"item\":\"https:\/\/probelle.com.br\/loja\/\"},{\"@type\":\"ListItem\",\"position\":3,\"name\":\"M\u00e1scara 250g Force ultra\"}]},{\"@type\":\"WebSite\",\"@id\":\"https:\/\/probelle.com.br\/en\/#website\",\"url\":\"https:\/\/probelle.com.br\/en\/\",\"name\":\"Probelle Cosm\u00e9ticos\",\"description\":\"Todo mundo tem em casa.\",\"publisher\":{\"@id\":\"https:\/\/probelle.com.br\/en\/#organization\"},\"potentialAction\":[{\"@type\":\"SearchAction\",\"target\":{\"@type\":\"EntryPoint\",\"urlTemplate\":\"https:\/\/probelle.com.br\/en\/?s={search_term_string}\"},\"query-input\":{\"@type\":\"PropertyValueSpecification\",\"valueRequired\":true,\"valueName\":\"search_term_string\"}}],\"inLanguage\":\"en-US\"},{\"@type\":\"Organization\",\"@id\":\"https:\/\/probelle.com.br\/en\/#organization\",\"name\":\"Probelle Cosm\u00e9ticos\",\"url\":\"https:\/\/probelle.com.br\/en\/\",\"logo\":{\"@type\":\"ImageObject\",\"inLanguage\":\"en-US\",\"@id\":\"https:\/\/probelle.com.br\/en\/#\/schema\/logo\/image\/\",\"url\":\"https:\/\/probelle.com.br\/wp-content\/uploads\/2022\/08\/Para-o-sitee.jpg\",\"contentUrl\":\"https:\/\/probelle.com.br\/wp-content\/uploads\/2022\/08\/Para-o-sitee.jpg\",\"width\":1000,\"height\":750,\"caption\":\"Probelle Cosm\u00e9ticos\"},\"image\":{\"@id\":\"https:\/\/probelle.com.br\/en\/#\/schema\/logo\/image\/\"},\"sameAs\":[\"https:\/\/www.facebook.com\/probelle\/\",\"https:\/\/www.instagram.com\/probellecosmeticos\/\",\"https:\/\/www.youtube.com\/c\/ProbelleCosm\u00e9ticos\/\",\"https:\/\/br.linkedin.com\/company\/probellecosmeticos\",\"https:\/\/br.pinterest.com\/probellecosmeticos\/\"]}]}<\/script>\n<!-- \/ Yoast SEO Premium plugin. -->","yoast_head_json":{"title":"M\u00e1scara 250g Force ultra ~ Probelle Cosm\u00e9ticos","description":"M\u00e1scara 250g Force Ultra, produto para cabelos, fortalecimento dos fios, prote\u00e7\u00e3o contra danos externos, brilho, movimento natural, sensorial sedoso, controle do volume, cabelos extremamente secos e sensibilizados.","robots":{"index":"index","follow":"follow","max-snippet":"max-snippet:-1","max-image-preview":"max-image-preview:large","max-video-preview":"max-video-preview:-1"},"canonical":"https:\/\/probelle.com.br\/en\/produto\/mascara-250g-force-ultra\/","og_locale":"en_US","og_type":"article","og_title":"M\u00e1scara 250g Force ultra","og_description":"M\u00e1scara 250g Force Ultra, produto para cabelos, fortalecimento dos fios, prote\u00e7\u00e3o contra danos externos, brilho, movimento natural, sensorial sedoso, controle do volume, cabelos extremamente secos e sensibilizados.","og_url":"https:\/\/probelle.com.br\/en\/produto\/mascara-250g-force-ultra\/","og_site_name":"Probelle Cosm\u00e9ticos","article_publisher":"https:\/\/www.facebook.com\/probelle\/","article_modified_time":"2025-02-13T12:58:30+00:00","og_image":[{"width":800,"height":800,"url":"https:\/\/probelle.com.br\/wp-content\/uploads\/2023\/07\/Mascara-Force-Ultra.jpg","type":"image\/jpeg"}],"twitter_card":"summary_large_image","twitter_misc":{"Est. reading time":"1 minute"},"schema":{"@context":"https:\/\/schema.org","@graph":[{"@type":"WebPage","@id":"https:\/\/probelle.com.br\/en\/produto\/mascara-250g-force-ultra\/","url":"https:\/\/probelle.com.br\/en\/produto\/mascara-250g-force-ultra\/","name":"M\u00e1scara 250g Force ultra ~ Probelle Cosm\u00e9ticos","isPartOf":{"@id":"https:\/\/probelle.com.br\/en\/#website"},"primaryImageOfPage":{"@id":"https:\/\/probelle.com.br\/en\/produto\/mascara-250g-force-ultra\/#primaryimage"},"image":{"@id":"https:\/\/probelle.com.br\/en\/produto\/mascara-250g-force-ultra\/#primaryimage"},"thumbnailUrl":"https:\/\/probelle.com.br\/wp-content\/uploads\/2023\/07\/Mascara-Force-Ultra.jpg","datePublished":"2023-07-28T17:34:49+00:00","dateModified":"2025-02-13T12:58:30+00:00","description":"M\u00e1scara 250g Force Ultra, produto para cabelos, fortalecimento dos fios, prote\u00e7\u00e3o contra danos externos, brilho, movimento natural, sensorial sedoso, controle do volume, cabelos extremamente secos e sensibilizados.","breadcrumb":{"@id":"https:\/\/probelle.com.br\/en\/produto\/mascara-250g-force-ultra\/#breadcrumb"},"inLanguage":"en-US","potentialAction":[{"@type":"ReadAction","target":["https:\/\/probelle.com.br\/en\/produto\/mascara-250g-force-ultra\/"]}]},{"@type":"ImageObject","inLanguage":"en-US","@id":"https:\/\/probelle.com.br\/en\/produto\/mascara-250g-force-ultra\/#primaryimage","url":"https:\/\/probelle.com.br\/wp-content\/uploads\/2023\/07\/Mascara-Force-Ultra.jpg","contentUrl":"https:\/\/probelle.com.br\/wp-content\/uploads\/2023\/07\/Mascara-Force-Ultra.jpg","width":800,"height":800},{"@type":"BreadcrumbList","@id":"https:\/\/probelle.com.br\/en\/produto\/mascara-250g-force-ultra\/#breadcrumb","itemListElement":[{"@type":"ListItem","position":1,"name":"Home","item":"https:\/\/probelle.com.br\/en\/"},{"@type":"ListItem","position":2,"name":"Loja","item":"https:\/\/probelle.com.br\/loja\/"},{"@type":"ListItem","position":3,"name":"M\u00e1scara 250g Force ultra"}]},{"@type":"WebSite","@id":"https:\/\/probelle.com.br\/en\/#website","url":"https:\/\/probelle.com.br\/en\/","name":"Probelle Cosm\u00e9ticos","description":"Todo mundo tem em casa.","publisher":{"@id":"https:\/\/probelle.com.br\/en\/#organization"},"potentialAction":[{"@type":"SearchAction","target":{"@type":"EntryPoint","urlTemplate":"https:\/\/probelle.com.br\/en\/?s={search_term_string}"},"query-input":{"@type":"PropertyValueSpecification","valueRequired":true,"valueName":"search_term_string"}}],"inLanguage":"en-US"},{"@type":"Organization","@id":"https:\/\/probelle.com.br\/en\/#organization","name":"Probelle Cosm\u00e9ticos","url":"https:\/\/probelle.com.br\/en\/","logo":{"@type":"ImageObject","inLanguage":"en-US","@id":"https:\/\/probelle.com.br\/en\/#\/schema\/logo\/image\/","url":"https:\/\/probelle.com.br\/wp-content\/uploads\/2022\/08\/Para-o-sitee.jpg","contentUrl":"https:\/\/probelle.com.br\/wp-content\/uploads\/2022\/08\/Para-o-sitee.jpg","width":1000,"height":750,"caption":"Probelle Cosm\u00e9ticos"},"image":{"@id":"https:\/\/probelle.com.br\/en\/#\/schema\/logo\/image\/"},"sameAs":["https:\/\/www.facebook.com\/probelle\/","https:\/\/www.instagram.com\/probellecosmeticos\/","https:\/\/www.youtube.com\/c\/ProbelleCosm\u00e9ticos\/","https:\/\/br.linkedin.com\/company\/probellecosmeticos","https:\/\/br.pinterest.com\/probellecosmeticos\/"]}]}},"_links":{"self":[{"href":"https:\/\/probelle.com.br\/en\/wp-json\/wp\/v2\/product\/23021","targetHints":{"allow":["GET"]}}],"collection":[{"href":"https:\/\/probelle.com.br\/en\/wp-json\/wp\/v2\/product"}],"about":[{"href":"https:\/\/probelle.com.br\/en\/wp-json\/wp\/v2\/types\/product"}],"wp:featuredmedia":[{"embeddable":true,"href":"https:\/\/probelle.com.br\/en\/wp-json\/wp\/v2\/media\/25201"}],"wp:attachment":[{"href":"https:\/\/probelle.com.br\/en\/wp-json\/wp\/v2\/media?parent=23021"}],"wp:term":[{"taxonomy":"product_brand","embeddable":true,"href":"https:\/\/probelle.com.br\/en\/wp-json\/wp\/v2\/product_brand?post=23021"},{"taxonomy":"product_cat","embeddable":true,"href":"https:\/\/probelle.com.br\/en\/wp-json\/wp\/v2\/product_cat?post=23021"},{"taxonomy":"product_tag","embeddable":true,"href":"https:\/\/probelle.com.br\/en\/wp-json\/wp\/v2\/product_tag?post=23021"}],"curies":[{"name":"wp","href":"https:\/\/api.w.org\/{rel}","templated":true}]}}